{"id":1629,"date":"2018-07-06T13:15:50","date_gmt":"2018-07-06T13:15:50","guid":{"rendered":"http:\/\/dummy.xtemos.com\/woodmart\/demos\/?page_id=1629"},"modified":"2019-04-30T10:36:34","modified_gmt":"2019-04-30T13:36:34","slug":"politica-privacidad","status":"publish","type":"page","link":"https:\/\/haafer.com\/site\/politica-privacidad\/","title":{"rendered":"Pol\u00edtica de Privacidad"},"content":{"rendered":"<section class=\"wpb-content-wrapper\"><p>[vc_row full_width=&#8221;stretch_row&#8221; css=&#8221;.vc_custom_1527663410765{margin-top: -40px !important;margin-bottom: 8vh !important;padding-top: 8vh !important;padding-bottom: 8vh !important;background-color: #f8f8f8 !important;}&#8221;][vc_column width=&#8221;1\/2&#8243; offset=&#8221;vc_col-sm-offset-3&#8243; css=&#8221;.vc_custom_1527239539599{padding-top: 0px !important;}&#8221;][vc_column_text css=&#8221;.vc_custom_1556631246891{margin-bottom: 0px !important;}&#8221; el_class=&#8221;text-larger&#8221; text_larger=&#8221;no&#8221;]<\/p>\n<p style=\"text-align: center;\">A efecto de lo previsto en la Ley de Protecci\u00f3n de Datos de Car\u00e1cter Personal, informamos al Usuario que sus datos quedan incorporados y son tratados con el fin de prestarle los servicios solicitados y enviarle informaci\u00f3n acerca de nuestra empresa que pueda ser de su inter\u00e9s.<\/p>\n<p>[\/vc_column_text][\/vc_column][\/vc_row][vc_row css=&#8221;.vc_custom_1528700414903{margin-right: 0px !important;margin-bottom: 25px !important;margin-left: 0px !important;border-top-width: 1px !important;border-right-width: 1px !important;border-bottom-width: 1px !important;border-left-width: 1px !important;padding-top: 30px !important;padding-right: 15px !important;padding-bottom: 30px !important;padding-left: 15px !important;background-color: #ffffff !important;border-left-color: #e7e7e7 !important;border-left-style: solid !important;border-right-color: #e7e7e7 !important;border-right-style: solid !important;border-top-color: #e7e7e7 !important;border-top-style: solid !important;border-bottom-color: #e7e7e7 !important;border-bottom-style: solid !important;}&#8221;][vc_column css=&#8221;.vc_custom_1527238251732{padding-top: 0px !important;}&#8221;]\t\t\t<div id=\"wd-5cc84abbe0fa5\" class=\"wd-text-block-wrapper wd-wpb wd-rs-5cc84abbe0fa5 color-scheme-dark text-left vc_custom_1556630187869\">\n\t\t\t\t<div class=\"woodmart-title-container woodmart-text-block reset-last-child font-primary wd-font-weight-600 \">\n\t\t\t\t\t<span class=\"color-primary\">1.<\/span> ENVIO Y REGISTRO DE DATOS DE CAR\u00c1CTER PERSONAL\t\t\t\t<\/div>\n\n\t\t\t\t\t\t\t<\/div>\n\t\t[vc_column_text css=&#8221;.vc_custom_1556630202601{margin-bottom: 0px !important;}&#8221; el_class=&#8221;text-larger&#8221; text_larger=&#8221;no&#8221;]El env\u00edo de datos de car\u00e1cter personal es obligatorio para contactar y recibir informaci\u00f3n sobre los servicios prestados. Asimismo, el no facilitar los datos personales solicitados o el no aceptar la presente pol\u00edtica de protecci\u00f3n de datos supone la imposibilidad de suscribirse, registrarse o recibir informaci\u00f3n de dichos servicios.<br \/>\nLe informamos que los datos personales que se obtengan como consecuencia de su env\u00edo de datos personales, ser\u00e1n incorporados a un fichero de nuestra titularidad, teniendo implementadas todas las medidas de seguridad.[\/vc_column_text][\/vc_column][\/vc_row][vc_row css=&#8221;.vc_custom_1528700432537{margin-right: 0px !important;margin-bottom: 25px !important;margin-left: 0px !important;border-top-width: 1px !important;border-right-width: 1px !important;border-bottom-width: 1px !important;border-left-width: 1px !important;padding-top: 30px !important;padding-right: 15px !important;padding-bottom: 30px !important;padding-left: 15px !important;background-color: #ffffff !important;border-left-color: #e7e7e7 !important;border-left-style: solid !important;border-right-color: #e7e7e7 !important;border-right-style: solid !important;border-top-color: #e7e7e7 !important;border-top-style: solid !important;border-bottom-color: #e7e7e7 !important;border-bottom-style: solid !important;}&#8221;][vc_column css=&#8221;.vc_custom_1527238251732{padding-top: 0px !important;}&#8221;]\t\t\t<div id=\"wd-5cc84ae1b4083\" class=\"wd-text-block-wrapper wd-wpb wd-rs-5cc84ae1b4083 color-scheme-dark text-left vc_custom_1556630214691\">\n\t\t\t\t<div class=\"woodmart-title-container woodmart-text-block reset-last-child font-primary wd-font-weight-600 \">\n\t\t\t\t\t<span class=\"color-primary\">2.<\/span> EXACTITUD Y VERACIDAD DE LOS DATOS FACILITADOS\t\t\t\t<\/div>\n\n\t\t\t\t\t\t\t<\/div>\n\t\t[vc_column_text css=&#8221;.vc_custom_1556630278671{margin-bottom: 0px !important;}&#8221; text_larger=&#8221;no&#8221;]El Usuario que env\u00eda la informaci\u00f3n es el \u00fanico responsable de la veracidad y correcci\u00f3n de los datos incluidos, exoner\u00e1ndose a nuestra empresa de cualquier responsabilidad al respecto.<br \/>\nLos usuarios garantizan y responden, en cualquier caso, de la exactitud, vigencia y autenticidad de los datos personales facilitados, y se comprometen a mantenerlos debidamente actualizados.<br \/>\nEl usuario acepta proporcionar informaci\u00f3n completa y correcta en el formulario de registro o suscripci\u00f3n.<br \/>\nNuestra empresa no responde de la veracidad de las informaciones que no sean de elaboraci\u00f3n propia y de las que se indique otra fuente, por lo que tampoco asume responsabilidad alguna en cuanto a hipot\u00e9ticos perjuicios que pudieran originarse por el uso de dicha informaci\u00f3n. Se exonera a nuestra empresa de responsabilidad ante cualquier da\u00f1o o perjuicio que pudiera sufrir el Usuario como consecuencia de errores, defectos u omisiones, en la informaci\u00f3n facilitada por nuestra empresa siempre que proceda de fuentes ajenas a nuestra empresa.[\/vc_column_text][\/vc_column][\/vc_row][vc_row css=&#8221;.vc_custom_1528700436855{margin-right: 0px !important;margin-bottom: 25px !important;margin-left: 0px !important;border-top-width: 1px !important;border-right-width: 1px !important;border-bottom-width: 1px !important;border-left-width: 1px !important;padding-top: 30px !important;padding-right: 15px !important;padding-bottom: 30px !important;padding-left: 15px !important;background-color: #ffffff !important;border-left-color: #e7e7e7 !important;border-left-style: solid !important;border-right-color: #e7e7e7 !important;border-right-style: solid !important;border-top-color: #e7e7e7 !important;border-top-style: solid !important;border-bottom-color: #e7e7e7 !important;border-bottom-style: solid !important;}&#8221;][vc_column css=&#8221;.vc_custom_1527238251732{padding-top: 0px !important;}&#8221;]\t\t\t<div id=\"wd-5cc84b2d04979\" class=\"wd-text-block-wrapper wd-wpb wd-rs-5cc84b2d04979 color-scheme-dark text-left vc_custom_1556630301066\">\n\t\t\t\t<div class=\"woodmart-title-container woodmart-text-block reset-last-child font-primary wd-font-weight-600 \">\n\t\t\t\t\t<span class=\"color-primary\">3.<\/span> CESI\u00d3N DE DATOS A TERCEROS\t\t\t\t<\/div>\n\n\t\t\t\t\t\t\t<\/div>\n\t\t[vc_column_text css=&#8221;.vc_custom_1556630326285{margin-bottom: 0px !important;}&#8221; el_class=&#8221;text-larger&#8221; text_larger=&#8221;no&#8221;]Siempre que el Usuario haya consentido el pertinente tratamiento de datos personales, el Usuario autoriza a nuestra empresa, a ceder sus datos personales a otras empresas del grupo, no cediendo los datos personales a terceras empresas ajenas al mismo. No obstante, en el caso de ser cedidos a alg\u00fan tercero se producir\u00eda una informaci\u00f3n previa solicitando el consentimiento expreso del afectado.[\/vc_column_text][\/vc_column][\/vc_row][vc_row css=&#8221;.vc_custom_1528700440423{margin-right: 0px !important;margin-bottom: 25px !important;margin-left: 0px !important;border-top-width: 1px !important;border-right-width: 1px !important;border-bottom-width: 1px !important;border-left-width: 1px !important;padding-top: 30px !important;padding-right: 15px !important;padding-bottom: 30px !important;padding-left: 15px !important;background-color: #ffffff !important;border-left-color: #e7e7e7 !important;border-left-style: solid !important;border-right-color: #e7e7e7 !important;border-right-style: solid !important;border-top-color: #e7e7e7 !important;border-top-style: solid !important;border-bottom-color: #e7e7e7 !important;border-bottom-style: solid !important;}&#8221;][vc_column css=&#8221;.vc_custom_1527238251732{padding-top: 0px !important;}&#8221;]\t\t\t<div id=\"wd-5cc84b5ce3250\" class=\"wd-text-block-wrapper wd-wpb wd-rs-5cc84b5ce3250 color-scheme-dark text-left vc_custom_1556630357568\">\n\t\t\t\t<div class=\"woodmart-title-container woodmart-text-block reset-last-child font-primary wd-font-weight-600 \">\n\t\t\t\t\t<span class=\"color-primary\">4.<\/span> POL\u00cdTICA DE PRIVACIDAD EN REDES SOCIALES\t\t\t\t<\/div>\n\n\t\t\t\t\t\t\t<\/div>\n\t\t[vc_column_text css=&#8221;.vc_custom_1556630443511{margin-bottom: 0px !important;}&#8221; el_class=&#8221;text-larger&#8221; text_larger=&#8221;no&#8221;]Nuestra empresa informa a los usuarios, que ha procedido a crear una p\u00e1gina en las Redes Sociales con la finalidad de publicitar sus productos y servicios.<br \/>\nEl usuario dispone de un perfil en la misma Red Social y decide libremente unirse a dicha p\u00e1gina por su propio inter\u00e9s en la informaci\u00f3n que se publicite en la Red. El usuario al unirse a esta p\u00e1gina, da su consentimiento para el tratamiento de los datos personales publicados en su perfil. El usuario puede acceder en todo momento a las pol\u00edticas de privacidad de la propia Red Social, as\u00ed como configurar su perfil para garantizar su privacidad. Nuestra empresa tiene acceso y trata s\u00f3lo aquella informaci\u00f3n p\u00fablica del usuario, tal como su nombre de contacto. Estos datos, s\u00f3lo son utilizados dentro de la propia Red Social sin ser incorporados a ning\u00fan fichero.<br \/>\nLos derechos de acceso, rectificaci\u00f3n, cancelaci\u00f3n y oposici\u00f3n, pueden ser ejercitados ante nuestra empresa, teniendo en cuenta que estar\u00e1n definidos por la propia funcionalidad de la Red Social y la capacidad de acceso a la informaci\u00f3n de los perfiles de los usuarios.<\/p>\n<p>Nuestra empresa solo podr\u00e1 realizar las siguientes actuaciones:<br \/>\nAcceso a la informaci\u00f3n p\u00fablica del perfil.<br \/>\nPublicaci\u00f3n en el perfil del usuario de toda aquella informaci\u00f3n ya publicada en la p\u00e1gina de nuestra empresa.<br \/>\nEnviar mensajes personales e individuales a trav\u00e9s de los canales de la Red Social.<br \/>\nActualizar el estado de la p\u00e1gina que se publicar\u00e1 en el perfil del usuario.<br \/>\nEl usuario siempre puede controlar sus conexiones, eliminar los contenidos que dejen de interesarle y restringir con qui\u00e9n comparte sus conexiones, para ello deber\u00e1 acceder a su configuraci\u00f3n de privacidad.<\/p>\n<p>\u2013 Publicaciones:<br \/>\nEl usuario, una vez unido a la p\u00e1gina de nuestra empresa, podr\u00e1 publicar en \u00e9sta \u00faltima cualquier tipo de comentario y\/o contenido soportado por la Red Social. El usuario, debe ser titular de los mismos y gozar de los derechos de autor y de propiedad intelectual o contar con el consentimiento de los terceros afectados. Se proh\u00edbe expresamente cualquier publicaci\u00f3n que infrinja la legalidad o los derechos de propiedad intelectual, industrial, de imagen, en cuyo caso, nuestra empresa se reserva el derecho a retirar de inmediato el contenido, pudiendo solicitar el bloqueo permanente del usuario. Nuestra empresa no se har\u00e1 responsable de los contenidos publicados por los usuarios. El usuario debe tener presente que sus publicaciones ser\u00e1n conocidas por los otros usuarios, siendo \u00e9l mismo el responsable de su privacidad. Los contenidos publicados en la p\u00e1gina no ser\u00e1n almacenadas en ning\u00fan fichero por parte de nuestra empresa.<br \/>\n\u2013 Concursos y promociones:<br \/>\nNuestra empresa se reserva el derecho a realizar concursos y promociones, en los que podr\u00e1 participar el usuario unido a su p\u00e1gina. Las bases de cada uno de ellos, siempre y cuando se utilice para ello la plataforma de la Red Social, ser\u00e1n publicadas en la misma.<br \/>\n\u2013 Publicidad:<br \/>\nNuestra empresa podr\u00e1 utilizar la Red Social para publicitar sus productos y\/o servicios, y no se considerar\u00e1 publicidad el hecho de recomendar a otros usuarios la p\u00e1gina de nuestra empresa para que tambi\u00e9n ellos puedan conocer y disfrutar de las promociones o estar informados de su actividad.<br \/>\n\u2013 Enlaces a las Pol\u00edticas de Privacidad de las Redes Sociales:<br \/>\nFacebook: https:\/\/www.facebook.com\/help\/323540651073243\/<br \/>\nInstagram: https:\/\/instagram.com\/about\/legal\/privacy\/[\/vc_column_text][\/vc_column][\/vc_row][vc_row css=&#8221;.vc_custom_1528700444689{margin-right: 0px !important;margin-bottom: 25px !important;margin-left: 0px !important;border-top-width: 1px !important;border-right-width: 1px !important;border-bottom-width: 1px !important;border-left-width: 1px !important;padding-top: 30px !important;padding-right: 15px !important;padding-bottom: 30px !important;padding-left: 15px !important;background-color: #ffffff !important;border-left-color: #e7e7e7 !important;border-left-style: solid !important;border-right-color: #e7e7e7 !important;border-right-style: solid !important;border-top-color: #e7e7e7 !important;border-top-style: solid !important;border-bottom-color: #e7e7e7 !important;border-bottom-style: solid !important;}&#8221;][vc_column css=&#8221;.vc_custom_1527238251732{padding-top: 0px !important;}&#8221;]\t\t\t<div id=\"wd-5cc84df24c68e\" class=\"wd-text-block-wrapper wd-wpb wd-rs-5cc84df24c68e color-scheme-dark text-left vc_custom_1556630996885\">\n\t\t\t\t<div class=\"woodmart-title-container woodmart-text-block reset-last-child font-primary wd-font-weight-600 \">\n\t\t\t\t\t<span class=\"color-primary\">5.<\/span> EJERCICIO DE DERECHOS DE ACCESO, RECTIFICACI\u00d3N, CANCELACI\u00d3N Y OPOSICI\u00d3N\t\t\t\t<\/div>\n\n\t\t\t\t\t\t\t<\/div>\n\t\t[vc_column_text css=&#8221;.vc_custom_1556631136788{margin-bottom: 0px !important;}&#8221; el_class=&#8221;text-larger&#8221; text_larger=&#8221;no&#8221;]Podr\u00e1 dirigir sus comunicaciones y ejercitar los derechos de acceso, rectificaci\u00f3n, cancelaci\u00f3n y oposici\u00f3n a trav\u00e9s de correo postal o al correo electr\u00f3nico presentes en nuestra p\u00e1gina de <a href=\"\/contacto\/\">Contacto<\/a>, junto con prueba v\u00e1lida en derecho, como fotocopia del D.N.I. e indicando en el asunto \u201cPROTECCI\u00d3N DE DATOS\u201d.[\/vc_column_text][\/vc_column][\/vc_row][vc_row css=&#8221;.vc_custom_1528700448393{margin-right: 0px !important;margin-bottom: 25px !important;margin-left: 0px !important;border-top-width: 1px !important;border-right-width: 1px !important;border-bottom-width: 1px !important;border-left-width: 1px !important;padding-top: 30px !important;padding-right: 15px !important;padding-bottom: 30px !important;padding-left: 15px !important;background-color: #ffffff !important;border-left-color: #e7e7e7 !important;border-left-style: solid !important;border-right-color: #e7e7e7 !important;border-right-style: solid !important;border-top-color: #e7e7e7 !important;border-top-style: solid !important;border-bottom-color: #e7e7e7 !important;border-bottom-style: solid !important;}&#8221;][vc_column css=&#8221;.vc_custom_1527238251732{padding-top: 0px !important;}&#8221;]\t\t\t<div id=\"wd-5cc84e8704d32\" class=\"wd-text-block-wrapper wd-wpb wd-rs-5cc84e8704d32 color-scheme-dark text-left vc_custom_1556631148651\">\n\t\t\t\t<div class=\"woodmart-title-container woodmart-text-block reset-last-child font-primary wd-font-weight-600 \">\n\t\t\t\t\t<span class=\"color-primary\">6.<\/span> ACEPTACI\u00d3N Y CONSENTIMIENTO\t\t\t\t<\/div>\n\n\t\t\t\t\t\t\t<\/div>\n\t\t[vc_column_text css=&#8221;.vc_custom_1556631164505{margin-bottom: 0px !important;}&#8221; el_class=&#8221;text-larger&#8221; text_larger=&#8221;no&#8221;]El Usuario declara haber sido informado de las condiciones sobre protecci\u00f3n de datos de car\u00e1cter personal, aceptando y consintiendo el tratamiento de los mismos por parte de nuestra empresa, en la forma y para las finalidades indicadas en la presente Pol\u00edtica de Protecci\u00f3n de Datos Personales.[\/vc_column_text][\/vc_column][\/vc_row][vc_row css=&#8221;.vc_custom_1528700453524{margin-right: 0px !important;margin-left: 0px !important;border-top-width: 1px !important;border-right-width: 1px !important;border-bottom-width: 1px !important;border-left-width: 1px !important;padding-top: 30px !important;padding-right: 15px !important;padding-bottom: 30px !important;padding-left: 15px !important;background-color: #ffffff !important;border-left-color: #e7e7e7 !important;border-left-style: solid !important;border-right-color: #e7e7e7 !important;border-right-style: solid !important;border-top-color: #e7e7e7 !important;border-top-style: solid !important;border-bottom-color: #e7e7e7 !important;border-bottom-style: solid !important;}&#8221;][vc_column css=&#8221;.vc_custom_1527238251732{padding-top: 0px !important;}&#8221;]\t\t\t<div id=\"wd-5cc84ea3116f5\" class=\"wd-text-block-wrapper wd-wpb wd-rs-5cc84ea3116f5 color-scheme-dark text-left vc_custom_1556631177526\">\n\t\t\t\t<div class=\"woodmart-title-container woodmart-text-block reset-last-child font-primary wd-font-weight-600 \">\n\t\t\t\t\t<span class=\"color-primary\">7.<\/span> CAMBIOS EN LA PRESENTE POL\u00cdTICA DE PRIVACIDAD\t\t\t\t<\/div>\n\n\t\t\t\t\t\t\t<\/div>\n\t\t[vc_column_text css=&#8221;.vc_custom_1556631198041{margin-bottom: 0px !important;}&#8221; el_class=&#8221;text-larger&#8221; text_larger=&#8221;no&#8221;]Nuestra empresa, se reserva el derecho a modificar la presente pol\u00edtica para adaptarla a novedades legislativas o jurisprudenciales as\u00ed como a pr\u00e1cticas de la industria. En dichos supuestos, nuestra empresa, anunciar\u00e1 en esta p\u00e1gina los cambios introducidos con razonable antelaci\u00f3n a su puesta en pr\u00e1ctica.[\/vc_column_text][\/vc_column][\/vc_row]<\/p>\n<\/section>","protected":false},"excerpt":{"rendered":"<p>[vc_row full_width=&#8221;stretch_row&#8221; css=&#8221;.vc_custom_1527663410765{margin-top: -40px !important;margin-bottom: 8vh !important;padding-top: 8vh !important;padding-bottom: 8vh !important;background-color: #f8f8f8 !important;}&#8221;][vc_column width=&#8221;1\/2&#8243; offset=&#8221;vc_col-sm-offset-3&#8243; css=&#8221;.vc_custom_1527239539599{padding-top: 0px !important;}&#8221;][vc_column_text css=&#8221;.vc_custom_1556631246891{margin-bottom: 0px<\/p>\n","protected":false},"author":4,"featured_media":0,"parent":0,"menu_order":0,"comment_status":"closed","ping_status":"closed","template":"","meta":{"footnotes":""},"class_list":["post-1629","page","type-page","status-publish","hentry"],"_links":{"self":[{"href":"https:\/\/haafer.com\/site\/wp-json\/wp\/v2\/pages\/1629","targetHints":{"allow":["GET"]}}],"collection":[{"href":"https:\/\/haafer.com\/site\/wp-json\/wp\/v2\/pages"}],"about":[{"href":"https:\/\/haafer.com\/site\/wp-json\/wp\/v2\/types\/page"}],"author":[{"embeddable":true,"href":"https:\/\/haafer.com\/site\/wp-json\/wp\/v2\/users\/4"}],"replies":[{"embeddable":true,"href":"https:\/\/haafer.com\/site\/wp-json\/wp\/v2\/comments?post=1629"}],"version-history":[{"count":0,"href":"https:\/\/haafer.com\/site\/wp-json\/wp\/v2\/pages\/1629\/revisions"}],"wp:attachment":[{"href":"https:\/\/haafer.com\/site\/wp-json\/wp\/v2\/media?parent=1629"}],"curies":[{"name":"wp","href":"https:\/\/api.w.org\/{rel}","templated":true}]}}